{"id":259396,"date":"2026-03-28T05:16:13","date_gmt":"2026-03-28T05:16:13","guid":{"rendered":"https:\/\/destination-camargue.fr\/a-voir-a-faire\/agenda\/concert-a-arles-debussy-ravel-bizet-aznavour-saint-saens-dutilleux\/"},"modified":"2026-03-28T05:16:13","modified_gmt":"2026-03-28T05:16:13","slug":"concert-a-arles-debussy-ravel-bizet-aznavour-saint-saens-dutilleux","status":"publish","type":"evenement","link":"https:\/\/destination-camargue.fr\/en\/a-voir-a-faire\/agenda\/concert-a-arles-debussy-ravel-bizet-aznavour-saint-saens-dutilleux\/","title":{"rendered":"Concert \u00e0 Arles: Debussy, Ravel, Bizet, Aznavour, Saint-Sa\u00ebns, Dutilleux"},"content":{"rendered":"<p>D\u00e9lices de France in Arles: Journey to the heart of French music<\/p>\n<p>Close your eyes&#8230; Bizet&#8217;s sunny dances, Debussy&#8217;s impressionistic colors, Aznavour&#8217;s emotion.<br \/>\nThe flute rises, brilliant and lyrical, revealing all the finesse and virtuosity of the French school, before a flamboyant finale carried by the intensity of Ravel. D\u00e9lices de France is an invitation to travel, a sensitive stroll through the heart of the French musical soul, between elegance, emotion and light. A concert that touches the heart and brings together all audiences.<\/p>\n<p>Reserve now!<\/p>\n<p>Program<br \/>\n&#8211; M.Ravel: Bolero<br \/>\n&#8211; G.Bizet : L&#8217;arl\u00e9sienne : Menuet & Farandole<br \/>\n&#8211; H.Dutilleux : Sonatine for flute<br \/>\n&#8211; C.Debussy : Clair de lune<br \/>\n&#8211; C.Aznavour : La boh\u00e8me<br \/>\n&#8211; C.Saint-Sa\u00ebns : Carnival of the Animals &#8211; The Swan<br \/>\n&#8211; J.Ibert: Concerto for flute &#8211; Allegro Scherzando<br \/>\n&#8211; G.Faur\u00e9: Apr\u00e8s un r\u00eave<br \/>\n&#8211; M.Ravel: Concert Rhapsody: Tzigane<\/p>\n<p>Artists: Flutes Issam Garfi ; Solo violin Perceval Gilles, 2nd violin Alice Rousseau ; Viola Estevan De Almeida Reis ; Cello Tom Almerge<\/p>\n<p>The Ensemble Music\u00e2me France is a chamber orchestra whose distinctive feature is that it is organized as a collective. Committed to offering its audiences a unique and incomparable musical experience, it brings together top-flight international and local musicians from major ensembles. Present in over 100 cities worldwide, Ensemble Music\u00e2me France champions music that touches the heart and lifts the spirit beyond borders.<\/p>\n","protected":false},"excerpt":{"rendered":"<p>Music\u00e2me concert in Arles: Debussy, Aznavour and French classics for an immersive, moving musical experience. Reserve now!<\/p>\n","protected":false},"featured_media":0,"template":"","label":[],"type_poi":[],"ville":[16],"class_list":["post-259396","evenement","type-evenement","status-publish","hentry","ville-arles"],"acf":[],"yoast_head":"<!-- This site is optimized with the Yoast SEO plugin v26.6 - https:\/\/yoast.com\/wordpress\/plugins\/seo\/ -->\n<title>Concert \u00e0 Arles: Debussy, Ravel, Bizet, Aznavour, Saint-Sa\u00ebns, Dutilleux - Destination Camargue<\/title>\n<meta name=\"robots\" content=\"index, follow, max-snippet:-1, max-image-preview:large, max-video-preview:-1\" \/>\n<link rel=\"canonical\" href=\"https:\/\/destination-camargue.fr\/en\/a-voir-a-faire\/agenda\/concert-a-arles-debussy-ravel-bizet-aznavour-saint-saens-dutilleux\/\" \/>\n<meta property=\"og:locale\" content=\"en_US\" \/>\n<meta property=\"og:type\" content=\"article\" \/>\n<meta property=\"og:title\" content=\"Concert \u00e0 Arles: Debussy, Ravel, Bizet, Aznavour, Saint-Sa\u00ebns, Dutilleux - Destination Camargue\" \/>\n<meta property=\"og:description\" content=\"Music\u00e2me concert in Arles: Debussy, Aznavour and French classics for an immersive, moving musical experience. Reserve now!\" \/>\n<meta property=\"og:url\" content=\"https:\/\/destination-camargue.fr\/en\/a-voir-a-faire\/agenda\/concert-a-arles-debussy-ravel-bizet-aznavour-saint-saens-dutilleux\/\" \/>\n<meta property=\"og:site_name\" content=\"Destination Camargue\" \/>\n<meta name=\"twitter:card\" content=\"summary_large_image\" \/>\n<meta name=\"twitter:label1\" content=\"Est. reading time\" \/>\n\t<meta name=\"twitter:data1\" content=\"1 minute\" \/>\n<script type=\"application\/ld+json\" class=\"yoast-schema-graph\">{\"@context\":\"https:\/\/schema.org\",\"@graph\":[{\"@type\":\"WebPage\",\"@id\":\"https:\/\/destination-camargue.fr\/en\/a-voir-a-faire\/agenda\/concert-a-arles-debussy-ravel-bizet-aznavour-saint-saens-dutilleux\/\",\"url\":\"https:\/\/destination-camargue.fr\/en\/a-voir-a-faire\/agenda\/concert-a-arles-debussy-ravel-bizet-aznavour-saint-saens-dutilleux\/\",\"name\":\"Concert \u00e0 Arles: Debussy, Ravel, Bizet, Aznavour, Saint-Sa\u00ebns, Dutilleux - Destination Camargue\",\"isPartOf\":{\"@id\":\"https:\/\/destination-camargue.fr\/en\/#website\"},\"datePublished\":\"2026-03-28T05:16:13+00:00\",\"breadcrumb\":{\"@id\":\"https:\/\/destination-camargue.fr\/en\/a-voir-a-faire\/agenda\/concert-a-arles-debussy-ravel-bizet-aznavour-saint-saens-dutilleux\/#breadcrumb\"},\"inLanguage\":\"en-US\",\"potentialAction\":[{\"@type\":\"ReadAction\",\"target\":[\"https:\/\/destination-camargue.fr\/en\/a-voir-a-faire\/agenda\/concert-a-arles-debussy-ravel-bizet-aznavour-saint-saens-dutilleux\/\"]}]},{\"@type\":\"BreadcrumbList\",\"@id\":\"https:\/\/destination-camargue.fr\/en\/a-voir-a-faire\/agenda\/concert-a-arles-debussy-ravel-bizet-aznavour-saint-saens-dutilleux\/#breadcrumb\",\"itemListElement\":[{\"@type\":\"ListItem\",\"position\":1,\"name\":\"Home\",\"item\":\"https:\/\/destination-camargue.fr\/en\/\"},{\"@type\":\"ListItem\",\"position\":2,\"name\":\"\u00c9v\u00e9nements\",\"item\":\"https:\/\/destination-camargue.fr\/en\/a-voir-a-faire\/agenda\/\"},{\"@type\":\"ListItem\",\"position\":3,\"name\":\"Concert \u00e0 Arles: Debussy, Ravel, Bizet, Aznavour, Saint-Sa\u00ebns, Dutilleux\"}]},{\"@type\":\"WebSite\",\"@id\":\"https:\/\/destination-camargue.fr\/en\/#website\",\"url\":\"https:\/\/destination-camargue.fr\/en\/\",\"name\":\"Destination Camargue\",\"description\":\"La Camargue, naturellement humaine\",\"potentialAction\":[{\"@type\":\"SearchAction\",\"target\":{\"@type\":\"EntryPoint\",\"urlTemplate\":\"https:\/\/destination-camargue.fr\/en\/?s={search_term_string}\"},\"query-input\":{\"@type\":\"PropertyValueSpecification\",\"valueRequired\":true,\"valueName\":\"search_term_string\"}}],\"inLanguage\":\"en-US\"}]}<\/script>\n<!-- \/ Yoast SEO plugin. -->","yoast_head_json":{"title":"Concert \u00e0 Arles: Debussy, Ravel, Bizet, Aznavour, Saint-Sa\u00ebns, Dutilleux - Destination Camargue","robots":{"index":"index","follow":"follow","max-snippet":"max-snippet:-1","max-image-preview":"max-image-preview:large","max-video-preview":"max-video-preview:-1"},"canonical":"https:\/\/destination-camargue.fr\/en\/a-voir-a-faire\/agenda\/concert-a-arles-debussy-ravel-bizet-aznavour-saint-saens-dutilleux\/","og_locale":"en_US","og_type":"article","og_title":"Concert \u00e0 Arles: Debussy, Ravel, Bizet, Aznavour, Saint-Sa\u00ebns, Dutilleux - Destination Camargue","og_description":"Music\u00e2me concert in Arles: Debussy, Aznavour and French classics for an immersive, moving musical experience. Reserve now!","og_url":"https:\/\/destination-camargue.fr\/en\/a-voir-a-faire\/agenda\/concert-a-arles-debussy-ravel-bizet-aznavour-saint-saens-dutilleux\/","og_site_name":"Destination Camargue","twitter_card":"summary_large_image","twitter_misc":{"Est. reading time":"1 minute"},"schema":{"@context":"https:\/\/schema.org","@graph":[{"@type":"WebPage","@id":"https:\/\/destination-camargue.fr\/en\/a-voir-a-faire\/agenda\/concert-a-arles-debussy-ravel-bizet-aznavour-saint-saens-dutilleux\/","url":"https:\/\/destination-camargue.fr\/en\/a-voir-a-faire\/agenda\/concert-a-arles-debussy-ravel-bizet-aznavour-saint-saens-dutilleux\/","name":"Concert \u00e0 Arles: Debussy, Ravel, Bizet, Aznavour, Saint-Sa\u00ebns, Dutilleux - Destination Camargue","isPartOf":{"@id":"https:\/\/destination-camargue.fr\/en\/#website"},"datePublished":"2026-03-28T05:16:13+00:00","breadcrumb":{"@id":"https:\/\/destination-camargue.fr\/en\/a-voir-a-faire\/agenda\/concert-a-arles-debussy-ravel-bizet-aznavour-saint-saens-dutilleux\/#breadcrumb"},"inLanguage":"en-US","potentialAction":[{"@type":"ReadAction","target":["https:\/\/destination-camargue.fr\/en\/a-voir-a-faire\/agenda\/concert-a-arles-debussy-ravel-bizet-aznavour-saint-saens-dutilleux\/"]}]},{"@type":"BreadcrumbList","@id":"https:\/\/destination-camargue.fr\/en\/a-voir-a-faire\/agenda\/concert-a-arles-debussy-ravel-bizet-aznavour-saint-saens-dutilleux\/#breadcrumb","itemListElement":[{"@type":"ListItem","position":1,"name":"Home","item":"https:\/\/destination-camargue.fr\/en\/"},{"@type":"ListItem","position":2,"name":"\u00c9v\u00e9nements","item":"https:\/\/destination-camargue.fr\/en\/a-voir-a-faire\/agenda\/"},{"@type":"ListItem","position":3,"name":"Concert \u00e0 Arles: Debussy, Ravel, Bizet, Aznavour, Saint-Sa\u00ebns, Dutilleux"}]},{"@type":"WebSite","@id":"https:\/\/destination-camargue.fr\/en\/#website","url":"https:\/\/destination-camargue.fr\/en\/","name":"Destination Camargue","description":"La Camargue, naturellement humaine","potentialAction":[{"@type":"SearchAction","target":{"@type":"EntryPoint","urlTemplate":"https:\/\/destination-camargue.fr\/en\/?s={search_term_string}"},"query-input":{"@type":"PropertyValueSpecification","valueRequired":true,"valueName":"search_term_string"}}],"inLanguage":"en-US"}]}},"_links":{"self":[{"href":"https:\/\/destination-camargue.fr\/en\/wp-json\/wp\/v2\/evenement\/259396","targetHints":{"allow":["GET"]}}],"collection":[{"href":"https:\/\/destination-camargue.fr\/en\/wp-json\/wp\/v2\/evenement"}],"about":[{"href":"https:\/\/destination-camargue.fr\/en\/wp-json\/wp\/v2\/types\/evenement"}],"wp:attachment":[{"href":"https:\/\/destination-camargue.fr\/en\/wp-json\/wp\/v2\/media?parent=259396"}],"wp:term":[{"taxonomy":"label","embeddable":true,"href":"https:\/\/destination-camargue.fr\/en\/wp-json\/wp\/v2\/label?post=259396"},{"taxonomy":"type_poi","embeddable":true,"href":"https:\/\/destination-camargue.fr\/en\/wp-json\/wp\/v2\/type_poi?post=259396"},{"taxonomy":"ville","embeddable":true,"href":"https:\/\/destination-camargue.fr\/en\/wp-json\/wp\/v2\/ville?post=259396"}],"curies":[{"name":"wp","href":"https:\/\/api.w.org\/{rel}","templated":true}]}}