{"id":259221,"date":"2026-03-25T05:14:08","date_gmt":"2026-03-25T05:14:08","guid":{"rendered":"https:\/\/destination-camargue.fr\/a-voir-a-faire\/agenda\/18e-edition-festival-de-la-camargue\/"},"modified":"2026-03-25T05:14:08","modified_gmt":"2026-03-25T05:14:08","slug":"18e-edition-festival-de-la-camargue","status":"publish","type":"evenement","link":"https:\/\/destination-camargue.fr\/en\/a-voir-a-faire\/agenda\/18e-edition-festival-de-la-camargue\/","title":{"rendered":"18e \u00c9dition &#8211; Festival de la Camargue"},"content":{"rendered":"<p>Pour sa 18e \u00e9dition, c\u2019est \u00e0 Port Saint Louis du Rh\u00f4ne, que le Festival ouvrira ses portes du 13 au 17 mai 2026, au c\u0153ur d\u2019un territoire fa\u00e7onn\u00e9 par l\u2019eau, le vent et le vivant.  <\/p>\n<p>Cette ann\u00e9e, le festival mettra \u00e0 l\u2019honneur les zones humides et la biodiversit\u00e9, en valorisant particuli\u00e8rement la R\u00e9serve de Biosph\u00e8re de la Ci\u00e9naga de Zapata, \u00e0 Cuba, r\u00e9cemment engag\u00e9e dans une coop\u00e9ration avec la R\u00e9serve de Biosph\u00e8re de Camargue. Ce dialogue entre deux territoires embl\u00e9matiques illustre l\u2019importance des \u00e9changes internationaux pour mieux comprendre, prot\u00e9ger et transmettre le vivant. <\/p>\n<p>Nous aurons l\u2019immense plaisir de recevoir Hans Silvester, photographe de renomm\u00e9e internationale et parrain de cette nouvelle \u00e9dition. La Camargue marque le point de d\u00e9part de son parcours il y a plus de 60 ans ; aujourd\u2019hui, il nous offre un regard po\u00e9tique et unique sur ce territoire fondateur, r\u00e9v\u00e9lant ses saisons et la relation profonde entre l\u2019homme et son environnement. <\/p>\n<p>Le Festival accueillera \u00e9galement des photographes invit\u00e9s dont les regards se r\u00e9pondent et se compl\u00e8tent. \u00c9ric Le Go et Olivier Larrey nous entra\u00eenent au c\u0153ur des grandes explorations polaires, entre glace, silence et territoires extr\u00eames, tandis que Jean-Michel Lenoir, avec ses horizons marins, transforme la mer en espace de contemplation et d\u2019\u00e9motion.<br \/>\nUn nouveau forum en partenariat avec la VII Foundation mettra en lumi\u00e8re les femmes photographes et cin\u00e9astes. Elles capturent, racontent et d\u00e9fendent le vivant avec un regard sensible, engag\u00e9 et souvent courageux, enrichissant ainsi le dialogue entre nature et humanit\u00e9. <\/p>\n<p>Mais Le festival, c\u2019est aussi la d\u00e9couverte d\u2019un territoire et de ses acteurs. Plus de 100 sorties nature permettront d\u2019explorer les paysages, les \u00e9tangs et la biodiversit\u00e9 camarguaise.<br \/>\n\u00c0 Port Saint Louis du Rh\u00f4ne, c\u0153ur battant du festival, conf\u00e9rences, projections, rencontres, animations, expositions et soir\u00e9es th\u00e9matiques viendront rythmer l\u2019exp\u00e9rience des festivaliers. <\/p>\n<p>Plus que jamais, le Festival de la Camargue se veut un espace de partage, d\u2019\u00e9changes et de d\u00e9couvertes, rayonnant jusqu\u2019en Camargue gardoise, invitant chacun \u00e0 porter un regard attentif et engag\u00e9 sur les zones humides et le monde vivant. Il c\u00e9l\u00e8bre la beaut\u00e9 fragile de nos territoires et la richesse des liens entre l\u2019homme et la nature, et nous invite tous \u00e0 devenir acteurs de leur pr\u00e9servation.<\/p>\n","protected":false},"excerpt":{"rendered":"<p>Pour sa 18e \u00e9dition (13 au 17 mai 2026), le Festival s\u2019installe \u00e0 Port Saint Louis du Rh\u00f4ne. Zones humides et biodiversit\u00e9 \u00e0 l\u2019honneur, avec un focus Cuba\u2013Camargue.<br \/>\nExpos, rencontres, sorties nature et invit\u00e9s c\u00e9l\u00e8brent le vivant et sa pr\u00e9servation.<\/p>\n","protected":false},"featured_media":0,"template":"","label":[],"type_poi":[],"ville":[],"class_list":["post-259221","evenement","type-evenement","status-publish","hentry"],"acf":[],"yoast_head":"<!-- This site is optimized with the Yoast SEO plugin v26.6 - https:\/\/yoast.com\/wordpress\/plugins\/seo\/ -->\n<title>18e \u00c9dition - Festival de la Camargue - Destination Camargue<\/title>\n<meta name=\"robots\" content=\"index, follow, max-snippet:-1, max-image-preview:large, max-video-preview:-1\" \/>\n<link rel=\"canonical\" href=\"https:\/\/destination-camargue.fr\/en\/a-voir-a-faire\/agenda\/18e-edition-festival-de-la-camargue\/\" \/>\n<meta property=\"og:locale\" content=\"en_US\" \/>\n<meta property=\"og:type\" content=\"article\" \/>\n<meta property=\"og:title\" content=\"18e \u00c9dition - Festival de la Camargue - Destination Camargue\" \/>\n<meta property=\"og:description\" content=\"Pour sa 18e \u00e9dition (13 au 17 mai 2026), le Festival s\u2019installe \u00e0 Port Saint Louis du Rh\u00f4ne. Zones humides et biodiversit\u00e9 \u00e0 l\u2019honneur, avec un focus Cuba\u2013Camargue.  Expos, rencontres, sorties nature et invit\u00e9s c\u00e9l\u00e8brent le vivant et sa pr\u00e9servation.\" \/>\n<meta property=\"og:url\" content=\"https:\/\/destination-camargue.fr\/en\/a-voir-a-faire\/agenda\/18e-edition-festival-de-la-camargue\/\" \/>\n<meta property=\"og:site_name\" content=\"Destination Camargue\" \/>\n<meta name=\"twitter:card\" content=\"summary_large_image\" \/>\n<meta name=\"twitter:label1\" content=\"Est. reading time\" \/>\n\t<meta name=\"twitter:data1\" content=\"2 minutes\" \/>\n<script type=\"application\/ld+json\" class=\"yoast-schema-graph\">{\"@context\":\"https:\/\/schema.org\",\"@graph\":[{\"@type\":\"WebPage\",\"@id\":\"https:\/\/destination-camargue.fr\/en\/a-voir-a-faire\/agenda\/18e-edition-festival-de-la-camargue\/\",\"url\":\"https:\/\/destination-camargue.fr\/en\/a-voir-a-faire\/agenda\/18e-edition-festival-de-la-camargue\/\",\"name\":\"18e \u00c9dition - Festival de la Camargue - Destination Camargue\",\"isPartOf\":{\"@id\":\"https:\/\/destination-camargue.fr\/en\/#website\"},\"datePublished\":\"2026-03-25T05:14:08+00:00\",\"breadcrumb\":{\"@id\":\"https:\/\/destination-camargue.fr\/en\/a-voir-a-faire\/agenda\/18e-edition-festival-de-la-camargue\/#breadcrumb\"},\"inLanguage\":\"en-US\",\"potentialAction\":[{\"@type\":\"ReadAction\",\"target\":[\"https:\/\/destination-camargue.fr\/en\/a-voir-a-faire\/agenda\/18e-edition-festival-de-la-camargue\/\"]}]},{\"@type\":\"BreadcrumbList\",\"@id\":\"https:\/\/destination-camargue.fr\/en\/a-voir-a-faire\/agenda\/18e-edition-festival-de-la-camargue\/#breadcrumb\",\"itemListElement\":[{\"@type\":\"ListItem\",\"position\":1,\"name\":\"Home\",\"item\":\"https:\/\/destination-camargue.fr\/en\/\"},{\"@type\":\"ListItem\",\"position\":2,\"name\":\"\u00c9v\u00e9nements\",\"item\":\"https:\/\/destination-camargue.fr\/en\/a-voir-a-faire\/agenda\/\"},{\"@type\":\"ListItem\",\"position\":3,\"name\":\"18e \u00c9dition &#8211; Festival de la Camargue\"}]},{\"@type\":\"WebSite\",\"@id\":\"https:\/\/destination-camargue.fr\/en\/#website\",\"url\":\"https:\/\/destination-camargue.fr\/en\/\",\"name\":\"Destination Camargue\",\"description\":\"La Camargue, naturellement humaine\",\"potentialAction\":[{\"@type\":\"SearchAction\",\"target\":{\"@type\":\"EntryPoint\",\"urlTemplate\":\"https:\/\/destination-camargue.fr\/en\/?s={search_term_string}\"},\"query-input\":{\"@type\":\"PropertyValueSpecification\",\"valueRequired\":true,\"valueName\":\"search_term_string\"}}],\"inLanguage\":\"en-US\"}]}<\/script>\n<!-- \/ Yoast SEO plugin. -->","yoast_head_json":{"title":"18e \u00c9dition - Festival de la Camargue - Destination Camargue","robots":{"index":"index","follow":"follow","max-snippet":"max-snippet:-1","max-image-preview":"max-image-preview:large","max-video-preview":"max-video-preview:-1"},"canonical":"https:\/\/destination-camargue.fr\/en\/a-voir-a-faire\/agenda\/18e-edition-festival-de-la-camargue\/","og_locale":"en_US","og_type":"article","og_title":"18e \u00c9dition - Festival de la Camargue - Destination Camargue","og_description":"Pour sa 18e \u00e9dition (13 au 17 mai 2026), le Festival s\u2019installe \u00e0 Port Saint Louis du Rh\u00f4ne. Zones humides et biodiversit\u00e9 \u00e0 l\u2019honneur, avec un focus Cuba\u2013Camargue.  Expos, rencontres, sorties nature et invit\u00e9s c\u00e9l\u00e8brent le vivant et sa pr\u00e9servation.","og_url":"https:\/\/destination-camargue.fr\/en\/a-voir-a-faire\/agenda\/18e-edition-festival-de-la-camargue\/","og_site_name":"Destination Camargue","twitter_card":"summary_large_image","twitter_misc":{"Est. reading time":"2 minutes"},"schema":{"@context":"https:\/\/schema.org","@graph":[{"@type":"WebPage","@id":"https:\/\/destination-camargue.fr\/en\/a-voir-a-faire\/agenda\/18e-edition-festival-de-la-camargue\/","url":"https:\/\/destination-camargue.fr\/en\/a-voir-a-faire\/agenda\/18e-edition-festival-de-la-camargue\/","name":"18e \u00c9dition - Festival de la Camargue - Destination Camargue","isPartOf":{"@id":"https:\/\/destination-camargue.fr\/en\/#website"},"datePublished":"2026-03-25T05:14:08+00:00","breadcrumb":{"@id":"https:\/\/destination-camargue.fr\/en\/a-voir-a-faire\/agenda\/18e-edition-festival-de-la-camargue\/#breadcrumb"},"inLanguage":"en-US","potentialAction":[{"@type":"ReadAction","target":["https:\/\/destination-camargue.fr\/en\/a-voir-a-faire\/agenda\/18e-edition-festival-de-la-camargue\/"]}]},{"@type":"BreadcrumbList","@id":"https:\/\/destination-camargue.fr\/en\/a-voir-a-faire\/agenda\/18e-edition-festival-de-la-camargue\/#breadcrumb","itemListElement":[{"@type":"ListItem","position":1,"name":"Home","item":"https:\/\/destination-camargue.fr\/en\/"},{"@type":"ListItem","position":2,"name":"\u00c9v\u00e9nements","item":"https:\/\/destination-camargue.fr\/en\/a-voir-a-faire\/agenda\/"},{"@type":"ListItem","position":3,"name":"18e \u00c9dition &#8211; Festival de la Camargue"}]},{"@type":"WebSite","@id":"https:\/\/destination-camargue.fr\/en\/#website","url":"https:\/\/destination-camargue.fr\/en\/","name":"Destination Camargue","description":"La Camargue, naturellement humaine","potentialAction":[{"@type":"SearchAction","target":{"@type":"EntryPoint","urlTemplate":"https:\/\/destination-camargue.fr\/en\/?s={search_term_string}"},"query-input":{"@type":"PropertyValueSpecification","valueRequired":true,"valueName":"search_term_string"}}],"inLanguage":"en-US"}]}},"_links":{"self":[{"href":"https:\/\/destination-camargue.fr\/en\/wp-json\/wp\/v2\/evenement\/259221","targetHints":{"allow":["GET"]}}],"collection":[{"href":"https:\/\/destination-camargue.fr\/en\/wp-json\/wp\/v2\/evenement"}],"about":[{"href":"https:\/\/destination-camargue.fr\/en\/wp-json\/wp\/v2\/types\/evenement"}],"wp:attachment":[{"href":"https:\/\/destination-camargue.fr\/en\/wp-json\/wp\/v2\/media?parent=259221"}],"wp:term":[{"taxonomy":"label","embeddable":true,"href":"https:\/\/destination-camargue.fr\/en\/wp-json\/wp\/v2\/label?post=259221"},{"taxonomy":"type_poi","embeddable":true,"href":"https:\/\/destination-camargue.fr\/en\/wp-json\/wp\/v2\/type_poi?post=259221"},{"taxonomy":"ville","embeddable":true,"href":"https:\/\/destination-camargue.fr\/en\/wp-json\/wp\/v2\/ville?post=259221"}],"curies":[{"name":"wp","href":"https:\/\/api.w.org\/{rel}","templated":true}]}}