{"id":259215,"date":"2026-03-25T05:13:37","date_gmt":"2026-03-25T05:13:37","guid":{"rendered":"https:\/\/destination-camargue.fr\/a-voir-a-faire\/agenda\/le-renard-qui-a-sauve-son-ile\/"},"modified":"2026-03-25T05:13:37","modified_gmt":"2026-03-25T05:13:37","slug":"le-renard-qui-a-sauve-son-ile","status":"publish","type":"evenement","link":"https:\/\/destination-camargue.fr\/en\/a-voir-a-faire\/agenda\/le-renard-qui-a-sauve-son-ile\/","title":{"rendered":"Le renard qui a sauv\u00e9 son \u00eele"},"content":{"rendered":"<p>L\u2019\u00eele de Santa Cruz, en Californie (Channel Islands), abrite la plus petite esp\u00e8ce de renards du monde : le renard gris insulaire. Bien diff\u00e9rents de leurs cousins continentaux, ces mini canid\u00e9s ont su s\u2019adapter \u00e0 l\u2019\u00e9cosyst\u00e8me insulaire et se hisser au sommet de sa cha\u00eene alimentaire. Mais il suffit de peu pour que les forces se muent en faiblesses\u2026<\/p>\n<p>Il y a quelques ann\u00e9es, les petits renards, victimes de pr\u00e9dation, ont fr\u00f4l\u00e9 l\u2019extinction : leur nombre a r\u00e9duit drastiquement, mena\u00e7ant au passage l\u2019\u00e9quilibre naturel de l\u2019\u00eele tout enti\u00e8re. Aujourd\u2019hui, gr\u00e2ce aux actions de conservation, l\u2019esp\u00e8ce fleurit de nouveau \u00e0 Santa Cruz.<\/p>\n","protected":false},"excerpt":{"rendered":"<p>Projection familiale suivie d\u2019un \u00e9change avec la r\u00e9alisatrice Emma Baus et la productrice Sylvie Randonneix. \u00c0 Santa Cruz, le renard gris insulaire, le plus petit du monde, a fr\u00f4l\u00e9 l\u2019extinction. Gr\u00e2ce \u00e0 la conservation, l\u2019esp\u00e8ce rena\u00eet aujourd\u2019hui.<\/p>\n","protected":false},"featured_media":0,"template":"","label":[],"type_poi":[],"ville":[],"class_list":["post-259215","evenement","type-evenement","status-publish","hentry"],"acf":[],"yoast_head":"<!-- This site is optimized with the Yoast SEO plugin v26.6 - https:\/\/yoast.com\/wordpress\/plugins\/seo\/ -->\n<title>Le renard qui a sauv\u00e9 son \u00eele - Destination Camargue<\/title>\n<meta name=\"robots\" content=\"index, follow, max-snippet:-1, max-image-preview:large, max-video-preview:-1\" \/>\n<link rel=\"canonical\" href=\"https:\/\/destination-camargue.fr\/en\/a-voir-a-faire\/agenda\/le-renard-qui-a-sauve-son-ile\/\" \/>\n<meta property=\"og:locale\" content=\"en_US\" \/>\n<meta property=\"og:type\" content=\"article\" \/>\n<meta property=\"og:title\" content=\"Le renard qui a sauv\u00e9 son \u00eele - Destination Camargue\" \/>\n<meta property=\"og:description\" content=\"Projection familiale suivie d\u2019un \u00e9change avec la r\u00e9alisatrice Emma Baus et la productrice Sylvie Randonneix. \u00c0 Santa Cruz, le renard gris insulaire, le plus petit du monde, a fr\u00f4l\u00e9 l\u2019extinction. Gr\u00e2ce \u00e0 la conservation, l\u2019esp\u00e8ce rena\u00eet aujourd\u2019hui.\" \/>\n<meta property=\"og:url\" content=\"https:\/\/destination-camargue.fr\/en\/a-voir-a-faire\/agenda\/le-renard-qui-a-sauve-son-ile\/\" \/>\n<meta property=\"og:site_name\" content=\"Destination Camargue\" \/>\n<meta name=\"twitter:card\" content=\"summary_large_image\" \/>\n<meta name=\"twitter:label1\" content=\"Est. reading time\" \/>\n\t<meta name=\"twitter:data1\" content=\"1 minute\" \/>\n<script type=\"application\/ld+json\" class=\"yoast-schema-graph\">{\"@context\":\"https:\/\/schema.org\",\"@graph\":[{\"@type\":\"WebPage\",\"@id\":\"https:\/\/destination-camargue.fr\/en\/a-voir-a-faire\/agenda\/le-renard-qui-a-sauve-son-ile\/\",\"url\":\"https:\/\/destination-camargue.fr\/en\/a-voir-a-faire\/agenda\/le-renard-qui-a-sauve-son-ile\/\",\"name\":\"Le renard qui a sauv\u00e9 son \u00eele - Destination Camargue\",\"isPartOf\":{\"@id\":\"https:\/\/destination-camargue.fr\/en\/#website\"},\"datePublished\":\"2026-03-25T05:13:37+00:00\",\"breadcrumb\":{\"@id\":\"https:\/\/destination-camargue.fr\/en\/a-voir-a-faire\/agenda\/le-renard-qui-a-sauve-son-ile\/#breadcrumb\"},\"inLanguage\":\"en-US\",\"potentialAction\":[{\"@type\":\"ReadAction\",\"target\":[\"https:\/\/destination-camargue.fr\/en\/a-voir-a-faire\/agenda\/le-renard-qui-a-sauve-son-ile\/\"]}]},{\"@type\":\"BreadcrumbList\",\"@id\":\"https:\/\/destination-camargue.fr\/en\/a-voir-a-faire\/agenda\/le-renard-qui-a-sauve-son-ile\/#breadcrumb\",\"itemListElement\":[{\"@type\":\"ListItem\",\"position\":1,\"name\":\"Home\",\"item\":\"https:\/\/destination-camargue.fr\/en\/\"},{\"@type\":\"ListItem\",\"position\":2,\"name\":\"\u00c9v\u00e9nements\",\"item\":\"https:\/\/destination-camargue.fr\/en\/a-voir-a-faire\/agenda\/\"},{\"@type\":\"ListItem\",\"position\":3,\"name\":\"Le renard qui a sauv\u00e9 son \u00eele\"}]},{\"@type\":\"WebSite\",\"@id\":\"https:\/\/destination-camargue.fr\/en\/#website\",\"url\":\"https:\/\/destination-camargue.fr\/en\/\",\"name\":\"Destination Camargue\",\"description\":\"La Camargue, naturellement humaine\",\"potentialAction\":[{\"@type\":\"SearchAction\",\"target\":{\"@type\":\"EntryPoint\",\"urlTemplate\":\"https:\/\/destination-camargue.fr\/en\/?s={search_term_string}\"},\"query-input\":{\"@type\":\"PropertyValueSpecification\",\"valueRequired\":true,\"valueName\":\"search_term_string\"}}],\"inLanguage\":\"en-US\"}]}<\/script>\n<!-- \/ Yoast SEO plugin. -->","yoast_head_json":{"title":"Le renard qui a sauv\u00e9 son \u00eele - Destination Camargue","robots":{"index":"index","follow":"follow","max-snippet":"max-snippet:-1","max-image-preview":"max-image-preview:large","max-video-preview":"max-video-preview:-1"},"canonical":"https:\/\/destination-camargue.fr\/en\/a-voir-a-faire\/agenda\/le-renard-qui-a-sauve-son-ile\/","og_locale":"en_US","og_type":"article","og_title":"Le renard qui a sauv\u00e9 son \u00eele - Destination Camargue","og_description":"Projection familiale suivie d\u2019un \u00e9change avec la r\u00e9alisatrice Emma Baus et la productrice Sylvie Randonneix. \u00c0 Santa Cruz, le renard gris insulaire, le plus petit du monde, a fr\u00f4l\u00e9 l\u2019extinction. Gr\u00e2ce \u00e0 la conservation, l\u2019esp\u00e8ce rena\u00eet aujourd\u2019hui.","og_url":"https:\/\/destination-camargue.fr\/en\/a-voir-a-faire\/agenda\/le-renard-qui-a-sauve-son-ile\/","og_site_name":"Destination Camargue","twitter_card":"summary_large_image","twitter_misc":{"Est. reading time":"1 minute"},"schema":{"@context":"https:\/\/schema.org","@graph":[{"@type":"WebPage","@id":"https:\/\/destination-camargue.fr\/en\/a-voir-a-faire\/agenda\/le-renard-qui-a-sauve-son-ile\/","url":"https:\/\/destination-camargue.fr\/en\/a-voir-a-faire\/agenda\/le-renard-qui-a-sauve-son-ile\/","name":"Le renard qui a sauv\u00e9 son \u00eele - Destination Camargue","isPartOf":{"@id":"https:\/\/destination-camargue.fr\/en\/#website"},"datePublished":"2026-03-25T05:13:37+00:00","breadcrumb":{"@id":"https:\/\/destination-camargue.fr\/en\/a-voir-a-faire\/agenda\/le-renard-qui-a-sauve-son-ile\/#breadcrumb"},"inLanguage":"en-US","potentialAction":[{"@type":"ReadAction","target":["https:\/\/destination-camargue.fr\/en\/a-voir-a-faire\/agenda\/le-renard-qui-a-sauve-son-ile\/"]}]},{"@type":"BreadcrumbList","@id":"https:\/\/destination-camargue.fr\/en\/a-voir-a-faire\/agenda\/le-renard-qui-a-sauve-son-ile\/#breadcrumb","itemListElement":[{"@type":"ListItem","position":1,"name":"Home","item":"https:\/\/destination-camargue.fr\/en\/"},{"@type":"ListItem","position":2,"name":"\u00c9v\u00e9nements","item":"https:\/\/destination-camargue.fr\/en\/a-voir-a-faire\/agenda\/"},{"@type":"ListItem","position":3,"name":"Le renard qui a sauv\u00e9 son \u00eele"}]},{"@type":"WebSite","@id":"https:\/\/destination-camargue.fr\/en\/#website","url":"https:\/\/destination-camargue.fr\/en\/","name":"Destination Camargue","description":"La Camargue, naturellement humaine","potentialAction":[{"@type":"SearchAction","target":{"@type":"EntryPoint","urlTemplate":"https:\/\/destination-camargue.fr\/en\/?s={search_term_string}"},"query-input":{"@type":"PropertyValueSpecification","valueRequired":true,"valueName":"search_term_string"}}],"inLanguage":"en-US"}]}},"_links":{"self":[{"href":"https:\/\/destination-camargue.fr\/en\/wp-json\/wp\/v2\/evenement\/259215","targetHints":{"allow":["GET"]}}],"collection":[{"href":"https:\/\/destination-camargue.fr\/en\/wp-json\/wp\/v2\/evenement"}],"about":[{"href":"https:\/\/destination-camargue.fr\/en\/wp-json\/wp\/v2\/types\/evenement"}],"wp:attachment":[{"href":"https:\/\/destination-camargue.fr\/en\/wp-json\/wp\/v2\/media?parent=259215"}],"wp:term":[{"taxonomy":"label","embeddable":true,"href":"https:\/\/destination-camargue.fr\/en\/wp-json\/wp\/v2\/label?post=259215"},{"taxonomy":"type_poi","embeddable":true,"href":"https:\/\/destination-camargue.fr\/en\/wp-json\/wp\/v2\/type_poi?post=259215"},{"taxonomy":"ville","embeddable":true,"href":"https:\/\/destination-camargue.fr\/en\/wp-json\/wp\/v2\/ville?post=259215"}],"curies":[{"name":"wp","href":"https:\/\/api.w.org\/{rel}","templated":true}]}}