{"id":259209,"date":"2026-03-25T05:13:06","date_gmt":"2026-03-25T05:13:06","guid":{"rendered":"https:\/\/destination-camargue.fr\/a-voir-a-faire\/agenda\/soiree-parrain-rencontre-avec-hans-silvester\/"},"modified":"2026-03-25T05:13:06","modified_gmt":"2026-03-25T05:13:06","slug":"soiree-parrain-rencontre-avec-hans-silvester","status":"publish","type":"evenement","link":"https:\/\/destination-camargue.fr\/en\/a-voir-a-faire\/agenda\/soiree-parrain-rencontre-avec-hans-silvester\/","title":{"rendered":"Soir\u00e9e parrain : Rencontre avec Hans Silvester"},"content":{"rendered":"<p>Partez \u00e0 la d\u00e9couverte du parcours exceptionnel de Hans Silvester, parrain de la 18\u1d49 \u00e9dition du Festival de la Camargue. C\u00e9l\u00e8bre photographe et infatigable voyageur, il a su capter la beaut\u00e9 du monde comme personne pour d\u00e9noncer les atteintes \u00e0 la nature et mettre son art au service de la cause \u00e9cologique.<\/p>\n<p>Cette soir\u00e9e propose un voyage \u00e0 travers ses images embl\u00e9matiques et son amour pour la Camargue.<br \/>\nApr\u00e8s la projection, une table ronde avec Jacques Mailhan, \u00e9leveur de taureaux et de chevaux camarguais, permettra d\u2019\u00e9changer sur la relation unique entre l\u2019homme et ce territoire pr\u00e9serv\u00e9. Une rencontre po\u00e9tique et engag\u00e9e entre photographie, patrimoine et biodiversit\u00e9.<\/p>\n","protected":false},"excerpt":{"rendered":"<p>Partez \u00e0 la d\u00e9couverte du parcours exceptionnel de Hans Silvester, parrain de la 18\u1d49 \u00e9dition du Festival de la Camargue. Cette soir\u00e9e propose un voyage \u00e0 travers ses images embl\u00e9matiques et son amour pour la Camargue.<\/p>\n","protected":false},"featured_media":0,"template":"","label":[],"type_poi":[],"ville":[],"class_list":["post-259209","evenement","type-evenement","status-publish","hentry"],"acf":[],"yoast_head":"<!-- This site is optimized with the Yoast SEO plugin v26.6 - https:\/\/yoast.com\/wordpress\/plugins\/seo\/ -->\n<title>Soir\u00e9e parrain : Rencontre avec Hans Silvester - Destination Camargue<\/title>\n<meta name=\"robots\" content=\"index, follow, max-snippet:-1, max-image-preview:large, max-video-preview:-1\" \/>\n<link rel=\"canonical\" href=\"https:\/\/destination-camargue.fr\/en\/a-voir-a-faire\/agenda\/soiree-parrain-rencontre-avec-hans-silvester\/\" \/>\n<meta property=\"og:locale\" content=\"en_US\" \/>\n<meta property=\"og:type\" content=\"article\" \/>\n<meta property=\"og:title\" content=\"Soir\u00e9e parrain : Rencontre avec Hans Silvester - Destination Camargue\" \/>\n<meta property=\"og:description\" content=\"Partez \u00e0 la d\u00e9couverte du parcours exceptionnel de Hans Silvester, parrain de la 18\u1d49 \u00e9dition du Festival de la Camargue. Cette soir\u00e9e propose un voyage \u00e0 travers ses images embl\u00e9matiques et son amour pour la Camargue.\" \/>\n<meta property=\"og:url\" content=\"https:\/\/destination-camargue.fr\/en\/a-voir-a-faire\/agenda\/soiree-parrain-rencontre-avec-hans-silvester\/\" \/>\n<meta property=\"og:site_name\" content=\"Destination Camargue\" \/>\n<meta name=\"twitter:card\" content=\"summary_large_image\" \/>\n<meta name=\"twitter:label1\" content=\"Est. reading time\" \/>\n\t<meta name=\"twitter:data1\" content=\"1 minute\" \/>\n<script type=\"application\/ld+json\" class=\"yoast-schema-graph\">{\"@context\":\"https:\/\/schema.org\",\"@graph\":[{\"@type\":\"WebPage\",\"@id\":\"https:\/\/destination-camargue.fr\/en\/a-voir-a-faire\/agenda\/soiree-parrain-rencontre-avec-hans-silvester\/\",\"url\":\"https:\/\/destination-camargue.fr\/en\/a-voir-a-faire\/agenda\/soiree-parrain-rencontre-avec-hans-silvester\/\",\"name\":\"Soir\u00e9e parrain : Rencontre avec Hans Silvester - Destination Camargue\",\"isPartOf\":{\"@id\":\"https:\/\/destination-camargue.fr\/en\/#website\"},\"datePublished\":\"2026-03-25T05:13:06+00:00\",\"breadcrumb\":{\"@id\":\"https:\/\/destination-camargue.fr\/en\/a-voir-a-faire\/agenda\/soiree-parrain-rencontre-avec-hans-silvester\/#breadcrumb\"},\"inLanguage\":\"en-US\",\"potentialAction\":[{\"@type\":\"ReadAction\",\"target\":[\"https:\/\/destination-camargue.fr\/en\/a-voir-a-faire\/agenda\/soiree-parrain-rencontre-avec-hans-silvester\/\"]}]},{\"@type\":\"BreadcrumbList\",\"@id\":\"https:\/\/destination-camargue.fr\/en\/a-voir-a-faire\/agenda\/soiree-parrain-rencontre-avec-hans-silvester\/#breadcrumb\",\"itemListElement\":[{\"@type\":\"ListItem\",\"position\":1,\"name\":\"Home\",\"item\":\"https:\/\/destination-camargue.fr\/en\/\"},{\"@type\":\"ListItem\",\"position\":2,\"name\":\"\u00c9v\u00e9nements\",\"item\":\"https:\/\/destination-camargue.fr\/en\/a-voir-a-faire\/agenda\/\"},{\"@type\":\"ListItem\",\"position\":3,\"name\":\"Soir\u00e9e parrain : Rencontre avec Hans Silvester\"}]},{\"@type\":\"WebSite\",\"@id\":\"https:\/\/destination-camargue.fr\/en\/#website\",\"url\":\"https:\/\/destination-camargue.fr\/en\/\",\"name\":\"Destination Camargue\",\"description\":\"La Camargue, naturellement humaine\",\"potentialAction\":[{\"@type\":\"SearchAction\",\"target\":{\"@type\":\"EntryPoint\",\"urlTemplate\":\"https:\/\/destination-camargue.fr\/en\/?s={search_term_string}\"},\"query-input\":{\"@type\":\"PropertyValueSpecification\",\"valueRequired\":true,\"valueName\":\"search_term_string\"}}],\"inLanguage\":\"en-US\"}]}<\/script>\n<!-- \/ Yoast SEO plugin. -->","yoast_head_json":{"title":"Soir\u00e9e parrain : Rencontre avec Hans Silvester - Destination Camargue","robots":{"index":"index","follow":"follow","max-snippet":"max-snippet:-1","max-image-preview":"max-image-preview:large","max-video-preview":"max-video-preview:-1"},"canonical":"https:\/\/destination-camargue.fr\/en\/a-voir-a-faire\/agenda\/soiree-parrain-rencontre-avec-hans-silvester\/","og_locale":"en_US","og_type":"article","og_title":"Soir\u00e9e parrain : Rencontre avec Hans Silvester - Destination Camargue","og_description":"Partez \u00e0 la d\u00e9couverte du parcours exceptionnel de Hans Silvester, parrain de la 18\u1d49 \u00e9dition du Festival de la Camargue. Cette soir\u00e9e propose un voyage \u00e0 travers ses images embl\u00e9matiques et son amour pour la Camargue.","og_url":"https:\/\/destination-camargue.fr\/en\/a-voir-a-faire\/agenda\/soiree-parrain-rencontre-avec-hans-silvester\/","og_site_name":"Destination Camargue","twitter_card":"summary_large_image","twitter_misc":{"Est. reading time":"1 minute"},"schema":{"@context":"https:\/\/schema.org","@graph":[{"@type":"WebPage","@id":"https:\/\/destination-camargue.fr\/en\/a-voir-a-faire\/agenda\/soiree-parrain-rencontre-avec-hans-silvester\/","url":"https:\/\/destination-camargue.fr\/en\/a-voir-a-faire\/agenda\/soiree-parrain-rencontre-avec-hans-silvester\/","name":"Soir\u00e9e parrain : Rencontre avec Hans Silvester - Destination Camargue","isPartOf":{"@id":"https:\/\/destination-camargue.fr\/en\/#website"},"datePublished":"2026-03-25T05:13:06+00:00","breadcrumb":{"@id":"https:\/\/destination-camargue.fr\/en\/a-voir-a-faire\/agenda\/soiree-parrain-rencontre-avec-hans-silvester\/#breadcrumb"},"inLanguage":"en-US","potentialAction":[{"@type":"ReadAction","target":["https:\/\/destination-camargue.fr\/en\/a-voir-a-faire\/agenda\/soiree-parrain-rencontre-avec-hans-silvester\/"]}]},{"@type":"BreadcrumbList","@id":"https:\/\/destination-camargue.fr\/en\/a-voir-a-faire\/agenda\/soiree-parrain-rencontre-avec-hans-silvester\/#breadcrumb","itemListElement":[{"@type":"ListItem","position":1,"name":"Home","item":"https:\/\/destination-camargue.fr\/en\/"},{"@type":"ListItem","position":2,"name":"\u00c9v\u00e9nements","item":"https:\/\/destination-camargue.fr\/en\/a-voir-a-faire\/agenda\/"},{"@type":"ListItem","position":3,"name":"Soir\u00e9e parrain : Rencontre avec Hans Silvester"}]},{"@type":"WebSite","@id":"https:\/\/destination-camargue.fr\/en\/#website","url":"https:\/\/destination-camargue.fr\/en\/","name":"Destination Camargue","description":"La Camargue, naturellement humaine","potentialAction":[{"@type":"SearchAction","target":{"@type":"EntryPoint","urlTemplate":"https:\/\/destination-camargue.fr\/en\/?s={search_term_string}"},"query-input":{"@type":"PropertyValueSpecification","valueRequired":true,"valueName":"search_term_string"}}],"inLanguage":"en-US"}]}},"_links":{"self":[{"href":"https:\/\/destination-camargue.fr\/en\/wp-json\/wp\/v2\/evenement\/259209","targetHints":{"allow":["GET"]}}],"collection":[{"href":"https:\/\/destination-camargue.fr\/en\/wp-json\/wp\/v2\/evenement"}],"about":[{"href":"https:\/\/destination-camargue.fr\/en\/wp-json\/wp\/v2\/types\/evenement"}],"wp:attachment":[{"href":"https:\/\/destination-camargue.fr\/en\/wp-json\/wp\/v2\/media?parent=259209"}],"wp:term":[{"taxonomy":"label","embeddable":true,"href":"https:\/\/destination-camargue.fr\/en\/wp-json\/wp\/v2\/label?post=259209"},{"taxonomy":"type_poi","embeddable":true,"href":"https:\/\/destination-camargue.fr\/en\/wp-json\/wp\/v2\/type_poi?post=259209"},{"taxonomy":"ville","embeddable":true,"href":"https:\/\/destination-camargue.fr\/en\/wp-json\/wp\/v2\/ville?post=259209"}],"curies":[{"name":"wp","href":"https:\/\/api.w.org\/{rel}","templated":true}]}}