{"id":259134,"date":"2026-03-24T05:05:17","date_gmt":"2026-03-24T05:05:17","guid":{"rendered":"https:\/\/destination-camargue.fr\/a-voir-a-faire\/agenda\/festival-de-la-camargue-et-le-delta-du-rhone-aux-saintes-maries-de-la-mer\/"},"modified":"2026-03-24T05:05:17","modified_gmt":"2026-03-24T05:05:17","slug":"festival-de-la-camargue-et-le-delta-du-rhone-aux-saintes-maries-de-la-mer","status":"publish","type":"evenement","link":"https:\/\/destination-camargue.fr\/en\/a-voir-a-faire\/agenda\/festival-de-la-camargue-et-le-delta-du-rhone-aux-saintes-maries-de-la-mer\/","title":{"rendered":"Festival de la Camargue et le Delta du Rh\u00f4ne aux Saintes-Maries-de-la-Mer"},"content":{"rendered":"<p>Le festival mettra aussi en lumi\u00e8re les zones humides et la biodiversit\u00e9, avec un focus sur la coop\u00e9ration r\u00e9cemment sign\u00e9e entre la R\u00e9serve de Biosph\u00e8re de Camargue et la R\u00e9serve de Biosph\u00e8re de la Ci\u00e9naga de Zapata \u00e0 Cuba.<\/p>\n<p>Un rendez-vous pour d\u00e9couvrir, \u00e9changer et s\u2019engager en faveur du vivant. <\/p>\n<p>&#8211; Mercredi 13 \u00e0 8h30 : \u00ab Visite guid\u00e9e du domaine des Grandes Cabanes Sud \u00bb<br \/>\nLe domaine des Grandes Cabanes Sud est un espace naturel prot\u00e9g\u00e9, ancienne chasse priv\u00e9e d\u2019une superficie de 473 hectares, il a \u00e9t\u00e9 acquis par le Conservatoire du littoral en 2012 qui en a confi\u00e9 la gestion \u00e0 l\u2019Office fran\u00e7ais de la biodiversit\u00e9.<br \/>\nTarif unique : 5,00\u20ac<br \/>\nDur\u00e9e : 3h00<\/p>\n<p>&#8211; Mercredi 13 \u00e0 9h00, rdv parking du phare de la Gachole : \u00ab Entre mer, dunes et lagunes : le littoral de la R\u00e9serve de Camargue \u00bb<br \/>\nEn compagnie d\u2019un agent de la R\u00e9serve, arpentez ces diff\u00e9rents milieux et d\u00e9couvrez un patrimoine floristique typique, ainsi que les suivis scientifiques qui y sont men\u00e9s. Tarif Plein : 15,00\u20ac \/Tarif r\u00e9duit &#8211; de 12 ans : 10,00\u20ac<br \/>\nDur\u00e9e : 3h30<\/p>\n<p>&#8211; Jeudi 14 \u00e0 5h45 au Parc Ornithologique : \u00ab Workshop photo : Lever du jour avec les Flamants roses \u00bb<br \/>\nExceptionnellement, le parc ouvrira ses portes d\u00e8s le lever du jour pour une s\u00e9ance photo unique en compagnie de Thierry Vezon et G\u00e9rard Verdier, photographes professionnels. Vous pourrez assister aux arriv\u00e9es des flamants roses, aux d\u00e9parts des h\u00e9rons, et photographier les lumi\u00e8res magiques du petit matin.<br \/>\nTarif unique : 70,00\u20ac<br \/>\nDur\u00e9e : 4h00<\/p>\n<p>&#8211; Jeudi 14 \u00e0 8h00, d\u00e9part Port Gardian \u00ab Escapade matinale sur le petit Rh\u00f4ne \u00bb<br \/>\nAccompagn\u00e9s d\u2019ornithologues, embarquez \u00e0 bord des Quatre Maries et assistez \u00e0 l\u2019\u00e9veil de la nature le long du petit Rh\u00f4ne. Tarif Plein : 26,00\u20ac \/ Tarif r\u00e9duit &#8211; 15ans : 18,00\u20ac<br \/>\nDur\u00e9e : 2h00<\/p>\n<p>&#8211; Jeudi 14 \u00e0 9h00 et \u00e0 16h00 au Parc Ornithologique \u00ab Sur la piste des serpents \u00e0 Pont de Gau \u00bb<br \/>\nPartez pour une balade \u00e0 la d\u00e9couverte des serpents en compagnie de Maxime Briola, photographe naturaliste et auteur du projet &#8220;Serpents, du mythe \u00e0 la r\u00e9alit\u00e9 &#8220;. Tarif Plein : 25,00\u20ac \/ Tarif r\u00e9duit &#8211; de 12 ans : 15,00\u20ac<br \/>\nDur\u00e9e : 3h00<\/p>\n<p>&#8211; Le 14, 15 et 16 mai \u00e0 18h00 au Parc Ornithologique : \u00ab Balade au cr\u00e9puscule \u00bb<br \/>\nAux derni\u00e8res heures de la journ\u00e9e, quand les visiteurs quittent le site, les esp\u00e8ces les plus farouches r\u00e9investissent les lieux \u00e0 la recherche de qui\u00e9tude, les mammif\u00e8res pointent le bout de leur museau et les oiseaux regagnent leurs dortoirs. En fin de visite, nous assisterons \u00e0 ce spectacle fascinant en d\u00e9gustant des produits bio de Camargue. Tarif Plein : 18,00\u20ac \/ Tarif r\u00e9duit 4 \u00e0 12 ans : 8,00\u20ac<br \/>\nDur\u00e9e : 2h30<\/p>\n<p>&#8211; Le 15 et 17 mai \u00e0 10h00 au Mas de le Cure : \u00ab D\u00e9couverte du cheval Camargue et immersion en terre Camarguaise \u00bb<br \/>\nVisite guid\u00e9e \u00e0 la Maison du Cheval Camargue, au Mas de la Cure, un site exceptionnel nich\u00e9 au c\u0153ur de la Camargue authentique et sauvage. Tarif Plein : 18,00\u20ac \/ Demi-Tarif -15 ans : 8,00\u20ac<br \/>\nGratuit -de 6 ans<br \/>\nDur\u00e9e : 2h00<\/p>\n<p>&#8211; Vendredi 15 \u00e0 10h00 au Parc ornithologique : \u00ab A la d\u00e9couverte du Flamant rose \u00bb<br \/>\nPlongez dans l&#8217;univers du Flamant rose avec les guides du Parc. Tarif Plein : 18,00\u20ac TTC \/ Tarif r\u00e9duit 4 \u00e0 12 ans : 8,00\u20ac<br \/>\nDur\u00e9e : 2h00<\/p>\n<p>&#8211; Vendredi 15 \u00e0 17h30, d\u00e9part Port Gardian : \u00ab D\u00e9couverte de la biodiversit\u00e9 marine dans le golfe de Beauduc \u00bb<br \/>\nSortie en mer vers le golfe de Beauduc, avec les Quatre Maries. Les scientifiques du Parc naturel r\u00e9gional de Camargue, et de l\u2019ADDEC aborderont la pollution en M\u00e9diterran\u00e9e, la th\u00e9matique de la p\u00eache professionnelle dans le golfe, le ph\u00e9nom\u00e8ne d\u2019\u00e9rosion, et la faune et la flore marine pr\u00e9sentes (tortues, dauphins, oiseaux marins, hippocampes, herbier&#8230;). Tarif Plein : 22,00\u20ac \/ Tarif r\u00e9duit &#8211; 15ans : 14,00\u20ac TTC<br \/>\nDur\u00e9e : 1h30 \/ embarquement 15 mn avant.<\/p>\n<p>&#8211; Samedi 16 \u00e0 8h00 au Parc ornithologique \u00ab Comment reconna\u00eetre les oiseaux de Camargue \u00bb<br \/>\nUne balade guid\u00e9e pour mieux identifier les diff\u00e9rentes esp\u00e8ces d&#8217;oiseaux de Camargue, mais aussi pour mieux les connaitre, reconnaitre leur chant, d\u00e9crypter leurs comportements, savoir o\u00f9 et quand les observer, dans quel milieu&#8230; Tarif Plein : 18,00\u20ac \/ Tarif r\u00e9duit 4 \u00e0 12 ans : 8,00\u20ac<br \/>\nDur\u00e9e : 2h30<\/p>\n<p>&#8211; Dimanche 17 \u00e0 18h00 au Lieu-dit TIKI : \u00ab Balade au cr\u00e9puscule sur le petit Rh\u00f4ne \u00bb<br \/>\nLa croisi\u00e8re se fera en compagnie de guides naturalistes et se terminera par un ap\u00e9ritif.<br \/>\nTarif Plein : 18,00\u20ac \/ Tarif r\u00e9duit 4 \u00e0 12 ans : 9,00\u20ac<br \/>\nDur\u00e9e : 2h <\/p>\n<p>&#8211; Dimanche 17 \u00e0 8h30 : \u00ab Visite guid\u00e9e du domaine des Grandes Cabanes Sud \u00bb<br \/>\nLe domaine des Grandes Cabanes Sud est un espace naturel prot\u00e9g\u00e9, ancienne chasse priv\u00e9e d\u2019une superficie de 473 hectares, il a \u00e9t\u00e9 acquis par le Conservatoire du littoral en 2012 qui en a confi\u00e9 la gestion \u00e0 l\u2019Office fran\u00e7ais de la biodiversit\u00e9.<br \/>\nTarif unique : 5,00\u20ac<br \/>\nDur\u00e9e : 3h00<\/p>\n<p>R\u00e9servations en ligne : www.festival-camargue.com<br \/>\ncontact@festival-camargue.com<br \/>\n06.79.71.44.23.<\/p>\n","protected":false},"excerpt":{"rendered":"<p>Pour sa 18e \u00e9dition, le Festival de la Camargue vous donne rendez-vous \u00e0 Port Saint Louis du Rh\u00f4ne du 13 au 17 mai 2026, et dans toute la Camargue, au c\u0153ur d\u2019un territoire fa\u00e7onn\u00e9 par l\u2019eau, le vent et le vivant.<\/p>\n","protected":false},"featured_media":0,"template":"","label":[],"type_poi":[],"ville":[23],"class_list":["post-259134","evenement","type-evenement","status-publish","hentry","ville-saintes-maries-de-la-mer"],"acf":[],"yoast_head":"<!-- This site is optimized with the Yoast SEO plugin v26.6 - https:\/\/yoast.com\/wordpress\/plugins\/seo\/ -->\n<title>Festival de la Camargue et le Delta du Rh\u00f4ne aux Saintes-Maries-de-la-Mer - Destination Camargue<\/title>\n<meta name=\"robots\" content=\"index, follow, max-snippet:-1, max-image-preview:large, max-video-preview:-1\" \/>\n<link rel=\"canonical\" href=\"https:\/\/destination-camargue.fr\/en\/a-voir-a-faire\/agenda\/festival-de-la-camargue-et-le-delta-du-rhone-aux-saintes-maries-de-la-mer\/\" \/>\n<meta property=\"og:locale\" content=\"en_US\" \/>\n<meta property=\"og:type\" content=\"article\" \/>\n<meta property=\"og:title\" content=\"Festival de la Camargue et le Delta du Rh\u00f4ne aux Saintes-Maries-de-la-Mer - Destination Camargue\" \/>\n<meta property=\"og:description\" content=\"Pour sa 18e \u00e9dition, le Festival de la Camargue vous donne rendez-vous \u00e0 Port Saint Louis du Rh\u00f4ne du 13 au 17 mai 2026, et dans toute la Camargue, au c\u0153ur d\u2019un territoire fa\u00e7onn\u00e9 par l\u2019eau, le vent et le vivant.\" \/>\n<meta property=\"og:url\" content=\"https:\/\/destination-camargue.fr\/en\/a-voir-a-faire\/agenda\/festival-de-la-camargue-et-le-delta-du-rhone-aux-saintes-maries-de-la-mer\/\" \/>\n<meta property=\"og:site_name\" content=\"Destination Camargue\" \/>\n<meta name=\"twitter:card\" content=\"summary_large_image\" \/>\n<meta name=\"twitter:label1\" content=\"Est. reading time\" \/>\n\t<meta name=\"twitter:data1\" content=\"4 minutes\" \/>\n<script type=\"application\/ld+json\" class=\"yoast-schema-graph\">{\"@context\":\"https:\/\/schema.org\",\"@graph\":[{\"@type\":\"WebPage\",\"@id\":\"https:\/\/destination-camargue.fr\/en\/a-voir-a-faire\/agenda\/festival-de-la-camargue-et-le-delta-du-rhone-aux-saintes-maries-de-la-mer\/\",\"url\":\"https:\/\/destination-camargue.fr\/en\/a-voir-a-faire\/agenda\/festival-de-la-camargue-et-le-delta-du-rhone-aux-saintes-maries-de-la-mer\/\",\"name\":\"Festival de la Camargue et le Delta du Rh\u00f4ne aux Saintes-Maries-de-la-Mer - Destination Camargue\",\"isPartOf\":{\"@id\":\"https:\/\/destination-camargue.fr\/en\/#website\"},\"datePublished\":\"2026-03-24T05:05:17+00:00\",\"breadcrumb\":{\"@id\":\"https:\/\/destination-camargue.fr\/en\/a-voir-a-faire\/agenda\/festival-de-la-camargue-et-le-delta-du-rhone-aux-saintes-maries-de-la-mer\/#breadcrumb\"},\"inLanguage\":\"en-US\",\"potentialAction\":[{\"@type\":\"ReadAction\",\"target\":[\"https:\/\/destination-camargue.fr\/en\/a-voir-a-faire\/agenda\/festival-de-la-camargue-et-le-delta-du-rhone-aux-saintes-maries-de-la-mer\/\"]}]},{\"@type\":\"BreadcrumbList\",\"@id\":\"https:\/\/destination-camargue.fr\/en\/a-voir-a-faire\/agenda\/festival-de-la-camargue-et-le-delta-du-rhone-aux-saintes-maries-de-la-mer\/#breadcrumb\",\"itemListElement\":[{\"@type\":\"ListItem\",\"position\":1,\"name\":\"Home\",\"item\":\"https:\/\/destination-camargue.fr\/en\/\"},{\"@type\":\"ListItem\",\"position\":2,\"name\":\"\u00c9v\u00e9nements\",\"item\":\"https:\/\/destination-camargue.fr\/en\/a-voir-a-faire\/agenda\/\"},{\"@type\":\"ListItem\",\"position\":3,\"name\":\"Festival de la Camargue et le Delta du Rh\u00f4ne aux Saintes-Maries-de-la-Mer\"}]},{\"@type\":\"WebSite\",\"@id\":\"https:\/\/destination-camargue.fr\/en\/#website\",\"url\":\"https:\/\/destination-camargue.fr\/en\/\",\"name\":\"Destination Camargue\",\"description\":\"La Camargue, naturellement humaine\",\"potentialAction\":[{\"@type\":\"SearchAction\",\"target\":{\"@type\":\"EntryPoint\",\"urlTemplate\":\"https:\/\/destination-camargue.fr\/en\/?s={search_term_string}\"},\"query-input\":{\"@type\":\"PropertyValueSpecification\",\"valueRequired\":true,\"valueName\":\"search_term_string\"}}],\"inLanguage\":\"en-US\"}]}<\/script>\n<!-- \/ Yoast SEO plugin. -->","yoast_head_json":{"title":"Festival de la Camargue et le Delta du Rh\u00f4ne aux Saintes-Maries-de-la-Mer - Destination Camargue","robots":{"index":"index","follow":"follow","max-snippet":"max-snippet:-1","max-image-preview":"max-image-preview:large","max-video-preview":"max-video-preview:-1"},"canonical":"https:\/\/destination-camargue.fr\/en\/a-voir-a-faire\/agenda\/festival-de-la-camargue-et-le-delta-du-rhone-aux-saintes-maries-de-la-mer\/","og_locale":"en_US","og_type":"article","og_title":"Festival de la Camargue et le Delta du Rh\u00f4ne aux Saintes-Maries-de-la-Mer - Destination Camargue","og_description":"Pour sa 18e \u00e9dition, le Festival de la Camargue vous donne rendez-vous \u00e0 Port Saint Louis du Rh\u00f4ne du 13 au 17 mai 2026, et dans toute la Camargue, au c\u0153ur d\u2019un territoire fa\u00e7onn\u00e9 par l\u2019eau, le vent et le vivant.","og_url":"https:\/\/destination-camargue.fr\/en\/a-voir-a-faire\/agenda\/festival-de-la-camargue-et-le-delta-du-rhone-aux-saintes-maries-de-la-mer\/","og_site_name":"Destination Camargue","twitter_card":"summary_large_image","twitter_misc":{"Est. reading time":"4 minutes"},"schema":{"@context":"https:\/\/schema.org","@graph":[{"@type":"WebPage","@id":"https:\/\/destination-camargue.fr\/en\/a-voir-a-faire\/agenda\/festival-de-la-camargue-et-le-delta-du-rhone-aux-saintes-maries-de-la-mer\/","url":"https:\/\/destination-camargue.fr\/en\/a-voir-a-faire\/agenda\/festival-de-la-camargue-et-le-delta-du-rhone-aux-saintes-maries-de-la-mer\/","name":"Festival de la Camargue et le Delta du Rh\u00f4ne aux Saintes-Maries-de-la-Mer - Destination Camargue","isPartOf":{"@id":"https:\/\/destination-camargue.fr\/en\/#website"},"datePublished":"2026-03-24T05:05:17+00:00","breadcrumb":{"@id":"https:\/\/destination-camargue.fr\/en\/a-voir-a-faire\/agenda\/festival-de-la-camargue-et-le-delta-du-rhone-aux-saintes-maries-de-la-mer\/#breadcrumb"},"inLanguage":"en-US","potentialAction":[{"@type":"ReadAction","target":["https:\/\/destination-camargue.fr\/en\/a-voir-a-faire\/agenda\/festival-de-la-camargue-et-le-delta-du-rhone-aux-saintes-maries-de-la-mer\/"]}]},{"@type":"BreadcrumbList","@id":"https:\/\/destination-camargue.fr\/en\/a-voir-a-faire\/agenda\/festival-de-la-camargue-et-le-delta-du-rhone-aux-saintes-maries-de-la-mer\/#breadcrumb","itemListElement":[{"@type":"ListItem","position":1,"name":"Home","item":"https:\/\/destination-camargue.fr\/en\/"},{"@type":"ListItem","position":2,"name":"\u00c9v\u00e9nements","item":"https:\/\/destination-camargue.fr\/en\/a-voir-a-faire\/agenda\/"},{"@type":"ListItem","position":3,"name":"Festival de la Camargue et le Delta du Rh\u00f4ne aux Saintes-Maries-de-la-Mer"}]},{"@type":"WebSite","@id":"https:\/\/destination-camargue.fr\/en\/#website","url":"https:\/\/destination-camargue.fr\/en\/","name":"Destination Camargue","description":"La Camargue, naturellement humaine","potentialAction":[{"@type":"SearchAction","target":{"@type":"EntryPoint","urlTemplate":"https:\/\/destination-camargue.fr\/en\/?s={search_term_string}"},"query-input":{"@type":"PropertyValueSpecification","valueRequired":true,"valueName":"search_term_string"}}],"inLanguage":"en-US"}]}},"_links":{"self":[{"href":"https:\/\/destination-camargue.fr\/en\/wp-json\/wp\/v2\/evenement\/259134","targetHints":{"allow":["GET"]}}],"collection":[{"href":"https:\/\/destination-camargue.fr\/en\/wp-json\/wp\/v2\/evenement"}],"about":[{"href":"https:\/\/destination-camargue.fr\/en\/wp-json\/wp\/v2\/types\/evenement"}],"wp:attachment":[{"href":"https:\/\/destination-camargue.fr\/en\/wp-json\/wp\/v2\/media?parent=259134"}],"wp:term":[{"taxonomy":"label","embeddable":true,"href":"https:\/\/destination-camargue.fr\/en\/wp-json\/wp\/v2\/label?post=259134"},{"taxonomy":"type_poi","embeddable":true,"href":"https:\/\/destination-camargue.fr\/en\/wp-json\/wp\/v2\/type_poi?post=259134"},{"taxonomy":"ville","embeddable":true,"href":"https:\/\/destination-camargue.fr\/en\/wp-json\/wp\/v2\/ville?post=259134"}],"curies":[{"name":"wp","href":"https:\/\/api.w.org\/{rel}","templated":true}]}}